{"id":1840,"date":"2019-08-29T17:51:03","date_gmt":"2019-08-29T20:51:03","guid":{"rendered":"http:\/\/hauser.site\/arq\/?page_id=1840"},"modified":"2020-11-02T15:15:49","modified_gmt":"2020-11-02T18:15:49","slug":"hauser","status":"publish","type":"page","link":"https:\/\/hauser.site\/arq\/hauser\/?lang=en","title":{"rendered":"Hauser"},"content":{"rendered":"[vc_row full_width=\u00bbstretch_row_content_no_spaces\u00bb][vc_column][vc_single_image image=\u00bb135&#8243; alignment=\u00bbcenter\u00bb][\/vc_column][\/vc_row][vc_row][vc_column][vc_column_text]\n<h1>GERM\u00c1N HAUSER<\/h1>\n[\/vc_column_text][vc_empty_space height=\u00bb22px\u00bb][vc_column_text]Germ\u00e1n Hauser was born on December 26, 1972, in Buenos Aires, Argentina. In 1999, he earned his Diploma in Architecture from the University of Buenos Aires, School of Architecture. During his training years, he collaborated with many different architecture studios from Argentina. After a series of travels around the world, in 2002 he began his independent professional practice. From the beginning, he has developed his projects in partnership with different architects.<\/p>\n<p>Throughout his career, he designed several award-winning projects, chief among them are the FIRST PRIZE obtained for the design of the Buenos Aires\u2019s SCIENCE AND TECHNOLOGY HUB; and the FIRST PRIZE granted to the design of the YUSUF HAMIED INSTITUTE, in Benalm\u00e1dena, Spain.<\/p>\n<p>He has been invited to participate in the contest for the design of the new CAF headquarters in Caracas, Venezuela. Along with other young architects from all over the world, he was part of the event called: \u201c44 International Young Architects\u201d, organized within the framework of the Architecture Week in Barcelona, Spain. In addition, he was invited to represent Argentine architecture as part of the Study Group in Quito\u2019s 17<sup>TH<\/sup> Architecture Pan-American Biennale, and was invited to participate in the exhibition called \u201cCiclo Obra Reciente Argentina\u201d (Argentine Recent Works Series) at the Colegio Oficial de Arquitectos de Madrid (Official Architects\u2019 Association of Madrid, COAM).<\/p>\n<p>Concurrently, since 1997 he has devoted to the teaching of Architecture, mainly at the University of Buenos Aires, School of Architecture. He has lectured and given conferences on his own work, and architecture themes in Argentina as well as in Uruguay and Spain.<\/p>\n<p>By the end of 2016, Hauser founded his architecture studio.[\/vc_column_text][\/vc_column][\/vc_row][vc_row full_width=\u00bbstretch_row_content_no_spaces\u00bb][vc_column][vc_empty_space height=\u00bb22px\u00bb][vc_single_image image=\u00bb141&#8243; alignment=\u00bbcenter\u00bb][\/vc_column][\/vc_row][vc_row][vc_column][vc_empty_space][\/vc_column][\/vc_row][vc_row][vc_column width=\u00bb2\/3&#8243;][vc_single_image image=\u00bb143&#8243; alignment=\u00bbcenter\u00bb][\/vc_column][vc_column width=\u00bb1\/3&#8243;][vc_column_text]<strong><span style=\"font-size: 24px;\">SERVICES<\/span><\/strong>[\/vc_column_text][vc_empty_space height=\u00bb22px\u00bb][vc_column_text]<strong>HAUSER ARCHITECTURE OFFICE<\/strong> (HOA, as per its Spanish acronym) is focused on the development of projects for a variety of uses and scales. We provide different services related to architecture projects and their comprehensive design, regardless of the scale and the design parameters to be determined.<\/p>\n<p>HOA has developed institutional, corporate and residential projects totaling over 350,000 square meters, in different phases of development.<\/p>\n<p>In order to tackle different projects, HOA coordinates multi- and interdisciplinary teams. HOA\u2019s building portfolio share a common architecture language. Its aim is the development of buildings of great design, construction excellence while being respectful of the environment.[\/vc_column_text][\/vc_column][\/vc_row][vc_row][vc_column][vc_empty_space][\/vc_column][\/vc_row][vc_row][vc_column width=\u00bb1\/3&#8243;][vc_column_text]<strong><span style=\"font-size: 24px;\">INTERNATIONAL COLLABORATIONS<br \/>\n<\/span><\/strong>[\/vc_column_text][vc_empty_space height=\u00bb22px\u00bb][vc_column_text]We work in collaboration with prestigious international architecture firms with a shared architectural philosophy. We promote these collaborations with the main aim of enriching developments through the exchange that they entail. In addition, HOA works as architect of record for projects commissioned to international firms.[\/vc_column_text][\/vc_column][vc_column width=\u00bb2\/3&#8243;][vc_single_image image=\u00bb154&#8243; alignment=\u00bbcenter\u00bb][\/vc_column][\/vc_row][vc_row][vc_column][vc_empty_space][\/vc_column][\/vc_row][vc_row][vc_column width=\u00bb2\/3&#8243;][vc_single_image image=\u00bb155&#8243; alignment=\u00bbcenter\u00bb][\/vc_column][vc_column width=\u00bb1\/3&#8243;][vc_column_text]<strong><span style=\"font-size: 24px;\">THOUGHT<\/span><\/strong>[\/vc_column_text][vc_empty_space height=\u00bb22px\u00bb][vc_column_text]We are interested in synthesis, movement, surprise, and versatility. We consider time a modifying factor. We believe our projects should play a fragmenting role in the creation of a larger space. We believe architecture is a cultural event capable of proposing and transforming habits, and it should serve as a means to convey peoples\u2019 culture and history. We think we have the obligation of developing spaces that are capable of improving the life quality of people, and of encouraging a dialogue between them. We are convinced that the quality of a project stems from the intelligence to take advantage of available resources, making the most of possibilities and conditionings.[\/vc_column_text][\/vc_column][\/vc_row][vc_row][vc_column][vc_column_text]\n<h2><span style=\"font-size: 28px;\">WORKING METHODS<br \/>\n<\/span><\/h2>\n[\/vc_column_text][vc_empty_space height=\u00bb22px\u00bb][vc_column_text]We tackle our projects relating three variables: site, program, and technology. We aim at fostering a dialogue between the different issues these variables pose.<\/p>\n<p>We understand that the <strong>SUSTAINABILITY<\/strong> our projects are capable of achieving, as an intrinsic factor of these relations.<\/p>\n<p><strong>Site<br \/>\n<\/strong>This defines the orientation. We consider the sun a key factor to be considered from the project\u2019s inception. We are interested in the dialogue between the building and the site where it will be established; in the understanding that a site also means its history, its geography, its physical surroundings, its density and its inhabitants.<\/p>\n<p><strong>Program<br \/>\n<\/strong>We prefer verbs to nouns. To sleep rather than bedroom, to dine instead of dining room, to go up instead of stairs. This way of approaching the issue of the program allows us to reflect and question organizing systems, dimensions, and materials.<\/p>\n<p><strong>Technology<br \/>\n<\/strong>We think buildings should make the most of the materials used. They should either directly or indirectly convey the implemented technique, which in turn should result from a reflective process that take into consideration the economic aspects, their places and ways of production, and also their maintenance throughout their life cycle.[\/vc_column_text][\/vc_column][\/vc_row][vc_row][vc_column][vc_empty_space height=\u00bb22px\u00bb][\/vc_column][\/vc_row][vc_row][vc_column][vc_tta_accordion c_icon=\u00bbchevron\u00bb c_position=\u00bbright\u00bb active_section=\u00bb90&#8243; collapsible_all=\u00bbtrue\u00bb][vc_tta_section title=\u00bbACKNOWLEDGMENTS\u00bb tab_id=\u00bbreconocimientos\u00bb][vc_column_text]<strong>2018<br \/>\n<\/strong><strong>First Prize, International Competition, Centro Yusuf Hamied<br \/>\n<\/strong>Organized by Instituto Cudeca. Benalm\u00e1dena, Spain.<\/p>\n<p><strong>2017<br \/>\n<\/strong><strong>Shortlisted \u00abPremio Nacional de Arquitectura Sustentable 2017\u00bb.<br \/>\n<\/strong>Organized by Fadea Saint Gobain.<\/p>\n<p><strong>2016<br \/>\n<\/strong><strong>Finalist at the Competition \u00abUNACASA Contempor\u00e1nea\u00bb.<br \/>\n<\/strong>Shotlisted for the final stage of the competition<\/p>\n<p><strong>2013<br \/>\n<\/strong><strong>Second prize, National Competition, Pabellon Marq<br \/>\n<\/strong>Museo de Arquitectura, Capital Federal, Argentina.<\/p>\n<p><strong>2012<br \/>\n<\/strong><strong>First Prize, National Competition, Ex Giol bodegas.<br \/>\n<\/strong><strong>Mention of the First National Award for Sustainable Architecture<br \/>\n<\/strong>Polo Cient\u00edfico Tecnol\u00f3gico. Organized by Sociedad Central de Arquitectos.<\/p>\n<p><strong>2012<br \/>\nHonorable mention \u00abPrimer premio nacional de Arquitectura Sustentable\u201d.<br \/>\n<\/strong>Eco Campus Amartya. Organized by Sociedad Central de Arquitectos<\/p>\n<p><strong>2012<br \/>\n<\/strong><strong>Shortlisted for the exhibition \u201cCiclo de Obra Reciente 2012\u201d.<br \/>\n<\/strong>Polo Cient\u00edfico Tecnol\u00f3gico. Organized by Sociedad Central de Arquitectos.<\/p>\n<p><strong>2012<br \/>\n<\/strong><strong>Finalist at the Competition \u00abEcoCampus Amartya\u00bb<br \/>\n<\/strong>Organized by the NGO, AMARTYA. www.amartya.org.ar<\/p>\n<p><strong>2011<br \/>\n<\/strong><strong>Selected to be part of the \u201c<\/strong><strong>Nueva Arquitectura Argentina<\/strong><strong>\u201d (NAA) <\/strong><strong>collection<\/strong><strong>.<br \/>\n<\/strong>Edited by Clar\u00edn Arquitectura. Compilation of works and profiles of 40 emerging studies.<\/p>\n<p><strong>2011<br \/>\n<\/strong><strong>Selected \u00abConvocatoria Obra Reciente Sociedad Central de Arquitectos\u201d<br \/>\n<\/strong>Cabrera building. Organized by Sociedad Central de Arquitectos.<br \/>\nP.O. Housing, Commercial Premises and Parking. 2010<\/p>\n<p><strong>2010<br \/>\n<\/strong><strong>Selected to be part of the exhibition \u201cCiclo de Obra Reciente Argentina\u201d, at Colegio Oficial de Arquitectos de Madrid (COAM).<br \/>\n<\/strong>Organized by Sociedad Central de Arquitectos.<\/p>\n<p><strong>2010<br \/>\n<\/strong><strong>Participation at the XVII Pan American Biennal of Architecture, Quito 2010 as part of the Argentinian selected offices.<br \/>\n<\/strong>Organized by Colegio de Arquitectos del Ecuador.<\/p>\n<p><strong>2009<br \/>\n<\/strong><strong>First mention, National Competition, Nueva sede del Correo Oficial<br \/>\n<\/strong>Associate office TT-AW arch and Langer arch<\/p>\n<p><strong>2009<br \/>\n<\/strong><strong>Selected to be part of the exhibition \u201c<\/strong><strong>Ciclo de Obra Reciente <\/strong><strong>2009\u201d.<br \/>\n<\/strong>Casa Salk.<br \/>\nOrganized by Sociedad Central de Arquitectos.<\/p>\n<p><strong>2008<br \/>\n<\/strong><strong>Shortlisted and finalists for the development of the New CAF headquarters in Caracas, Venezuela.<br \/>\n<\/strong>Organized by the CAF Andean Development Corporation, a background selection of 50 architecture offices from countries in America and Europe.<br \/>\nAssociate office Parysow &#8211; Schargrodsky studio.<\/p>\n<p><strong>2007<br \/>\n<\/strong><strong>First prize Concurso Nacional de Anteproyectos, Ex Bodegas Giol<br \/>\n<\/strong><strong>Agreement N\u00ba 842 \/ 2006<br \/>\n<\/strong>Capital Federal, Argentina.<br \/>\nAssociate office Parysow \u2013 Schargrodsky.<\/p>\n<p><strong>2007<br \/>\n<\/strong><strong>Selected \u201c44 YOUNG INTERNATIONAL ARCHITECTS\u201d<br \/>\n<\/strong>Organized by Editorial Scalae on the occasion of \u201cSemana de la Arquitectura en Barcelona\u201d Barcelona, Spain.[\/vc_column_text][\/vc_tta_section][vc_tta_section title=\u00bbPUBLICATIONS\u00bb tab_id=\u00bbpublicaciones\u00bb][vc_column_text]<strong>Architecture and Design Magazine journal number 152<br \/>\n<\/strong>Montevideo Viva. The Works that transform the city<br \/>\nUruguay<br \/>\nPages 64-71 +78-81<br \/>\nOctober, 2020<\/p>\n<p><strong>Summa +\u00a0 journal number 176<\/strong><br \/>\nTerraced Expansions &#8211; Hip Conde<br \/>\nPages 96-101<br \/>\nFebruary, 2020<\/p>\n<p><strong>Ambientes de Arquitectura book<br \/>\n<\/strong>Photographs of 50 offices and architects of Buenos Aires<br \/>\nBisman Editions<br \/>\nPages 128-129<br \/>\nMay, 2019<\/p>\n<p><strong>\u00c1<\/strong><strong>rea journal. Number 162<br \/>\n<\/strong>Italy<br \/>\nScientific and Technology Center<br \/>\nPages 92-96<br \/>\nFebruary, 2019<\/p>\n<p><strong>Alumnos y Arquitectos book<br \/>\n<\/strong>A history of the teaching of architecture through its protagonists 1930-2000<br \/>\nUBA, FADU<br \/>\nCultural Patronage, Buenos Aires Ciudad<br \/>\nPages 298-299<br \/>\nOctober, 2018<\/p>\n<p><strong>Madera Extrema book<br \/>\n<\/strong>Contemporary Works &#8211; Argentine Architecture<br \/>\nBisman Ediciones<br \/>\nP\u00e1ginas 170-179<br \/>\nSeptember, 2018<\/p>\n<p><strong>MetroWeber journal number <\/strong><strong>5<br \/>\n<\/strong><strong>Alma Brava<br \/>\n<\/strong>Page 24<br \/>\nNovember, 2017.<\/p>\n<p><strong>Landscape Design <\/strong><strong>journal Number 78 \u2013 <\/strong><strong>Chinese journal<br \/>\n<\/strong><strong>Polo Cient<\/strong><strong>\u00edfico y Tecnol\u00f3<\/strong><strong>gico<\/strong><strong>.<br \/>\n<\/strong>Pages 69-77<br \/>\nSeptember 2016.<\/p>\n<p><strong>\u00a0<\/strong><strong>UNACASA book<br \/>\n<\/strong>Contemporary Living<br \/>\nBisman Editions<br \/>\nPages 118-119 and 248-255<br \/>\nJune, 2016<\/p>\n<p><strong>\u00a0<\/strong><strong>Todo Obras journal, N<\/strong><strong>umber 113<br \/>\n<\/strong><strong>Polo Cient<\/strong><strong>\u00edfico y Tecnol\u00f3<\/strong><strong>gico.<br \/>\n<\/strong>Pages 2-13<br \/>\nFebruary, 2016<\/p>\n<p><strong>Clar\u00ed<\/strong><strong>n newspaper architecture supplement<br \/>\n<\/strong><strong>Casa Salk<br \/>\n<\/strong>Pages 10-14<br \/>\nJanuary, 2016.<\/p>\n<p><strong>CHE journal, number 12<br \/>\n<\/strong><strong>Polo Cient\u00edfico y Tecnol\u00f3gico<br \/>\n<\/strong>Pages 22 &#8211; 25<br \/>\nJanuary, 2016<\/p>\n<p><strong>Compendio de la construcci\u00f3n journal<br \/>\n<\/strong><strong>Alma Sur and Hip Conde buildings<br \/>\n<\/strong>Pages 54 to 63<br \/>\nMay, 2015.<\/p>\n<p><strong>\u00a0<\/strong><strong>Clar\u00ed<\/strong><strong>n newspaper architecture supplement<br \/>\n<\/strong><strong>Barrio Parque Donado y Holmberg Design development, Green Haus<br \/>\n<\/strong>Pages 18-24<br \/>\nAugust, 2014.<\/p>\n<p><strong>Clar\u00ed<\/strong><strong>n Suplemento de Arquitectura.<br \/>\n<\/strong><strong>\u201cNuevo pabell\u00f3n del MARQ\u201d competition \u2013 second prize<br \/>\n<\/strong>Pages 15-16<br \/>\nDecember, 2013.<\/p>\n<p><strong>Casas Internacional journal<br \/>\n<\/strong>Country Clubs<br \/>\nCasa <strong>Valle Claro<br \/>\n<\/strong>Pages 26-31<br \/>\nDecember, 2013.<\/p>\n<p><strong>\u00a0<\/strong><strong>PH Contempor\u00e1<\/strong><strong>neo book<br \/>\n<\/strong><strong>Ag\u00fcero and Cabrera buildings<br \/>\n<\/strong><strong>1:100 Editions<br \/>\n<\/strong>Pages 20 to 47<br \/>\nNovember, 2013.<\/p>\n<p><strong>8,66 journal, Number<\/strong><strong> 3.<br \/>\n<\/strong><strong>Polo Cient<\/strong><strong>\u00ed<\/strong><strong>fico Tecnol<\/strong><strong>\u00f3<\/strong><strong>gico<br \/>\n<\/strong>Pages 4 to 17.<br \/>\nJuly, 2013.<\/p>\n<p><strong>\u00a0<\/strong><strong>Sociedad Central de Arquitectos journal, Numer 248.<br \/>\n<\/strong>First prize, Architecture and Sustainable Urban Design: Honorable mention, Polo Cient\u00edfico Tecnol\u00f3gico and Eco Campus Amartya<br \/>\nPages 66 a 69 &#8211; 133<br \/>\nMarch, 2013.<\/p>\n<p><strong>Dominio<\/strong><strong>\u2019s journal<br \/>\n<\/strong><strong>Cabrera building<br \/>\n<\/strong>Pages 56-57.<br \/>\nOctober, 2012.<\/p>\n<p><strong>Habitat journal<br \/>\nNuevo Polo Cient\u00ed<\/strong><strong>fico Tecnol<\/strong><strong>\u00f3gico en las Ex Bodegas Giol<br \/>\n<\/strong>August, 2012.<\/p>\n<p><strong>Casas Internacionales journal<br \/>\n<\/strong><strong>Colegiales House<br \/>\n<\/strong>Pages 44 to 47.<br \/>\nJuly, 2012.<\/p>\n<p><strong>La Naci<\/strong><strong>\u00f3<\/strong><strong>n newspaper, secci\u00f3n <\/strong><strong>Ciudad.<br \/>\n<\/strong>\u00abThe Polo Cient\u00edfico project changed the mood of a corner of Palermo.\u00bb<br \/>\nPage 30.<br \/>\nMay, 2012.<\/p>\n<p><strong>\u00a0<\/strong><strong>La Naci<\/strong><strong>\u00f3<\/strong><strong>n Suplemento Propiedades &amp; Countries.<br \/>\nGreen Haus, \u201cUrbanism: Green reigns\u201d.<br \/>\n<\/strong>Pages 6-7.<br \/>\nApril, 2012.<\/p>\n<p><strong>\u00a0<\/strong><strong>Nueva Arquitectura Argentina (NAA) book<br \/>\n<\/strong><strong>Collection edited by Clar\u00edn Architecture.<\/strong><br \/>\nVolume 10<br \/>\nNovember, 2011<\/p>\n<p><strong>Clar\u00ed<\/strong><strong>n Suplemento de Arquitectura.<br \/>\n<\/strong>Green Haus Project, Homes with lots of green in an expanding area.<br \/>\nPages 33-35.<br \/>\nAugust, 2011.<\/p>\n<p><strong>Perfil newspaper, Acciones para la participaci\u00f3n ciudadana supplement.<br \/>\n<\/strong>Sustainable architecture: gray water reuse.<br \/>\nPage 8.<br \/>\nMay, 2011.<\/p>\n<p><strong>Clar\u00ed<\/strong><strong>n newspaper, Suplemento de Arquitectura.<br \/>\n<\/strong><strong>Green Haus Belgrano Project in the corridor of the former AU3.<br \/>\n<\/strong>Page 29.<br \/>\nMay, 2011.<\/p>\n<p><strong>Future Arquitecturas journal.<br \/>\n\u201c<\/strong><strong>VERTICAL DENSITY<\/strong><strong>\u201d, award-winning projects, Sede Corporativa del Correo Oficial de la R. Argentina<br \/>\n<\/strong>Pages 8 y 9.<br \/>\nFebruary, 2011.<\/p>\n<p><strong>Sociedad Central de Arquitectos journal number 239.<br \/>\n<\/strong><strong>\u201c<\/strong><strong>Obra Reciente Argentina: Casa Salk<\/strong><strong>\u201d.<br \/>\n<\/strong>Pages 54-55.<br \/>\nDecember, 2010.<\/p>\n<p><strong>Architector journal number 68.<br \/>\n<\/strong><strong>Casa Colegiales.<br \/>\n<\/strong>Pages 50-53.<br \/>\nOctober, 2010.<\/p>\n<p><strong>Concursos SCA journal number 237<br \/>\n<\/strong><strong>Honorable mention, Sede Corporativa del Correo Oficial de la R. Argentina.<br \/>\n<\/strong>P\u00e1gina 127.<br \/>\nSeptember, 2010.<\/p>\n<p><strong>Casas Internacional publication<br \/>\n<\/strong><strong>Viviendas Colectivas &#8211; Housing<br \/>\n<\/strong><strong>\u201cAg\u00fcero 1121\u201d.<br \/>\n<\/strong>Pages 50 to 53<br \/>\nAugust, 2010.<\/p>\n<p><strong>Architector journal number 66<br \/>\n<\/strong><strong>Large Scale Architecture<br \/>\n<\/strong><strong>\u201cPolo Cient\u00edfico y Tecnol\u00f3gico\u201d<br \/>\n<\/strong>P\u00e1ges 74 to 78<br \/>\nMay, 2010.<\/p>\n<p><strong>Z newspaper<br \/>\n<\/strong><strong>\u201cBodegas Giol: from wine barrels to microscopes and pipettes\u201d<br \/>\n<\/strong>April, 2010.<\/p>\n<p><strong>College of Engineers j<\/strong><strong>ournal<br \/>\n<\/strong><strong>\u201cThe constructive characteristics of the Technological Scientific Pole\u201d<br \/>\n<\/strong>March, 2010.<\/p>\n<p><strong>Cr<\/strong><strong>\u00ed<\/strong><strong>tica newspaper<br \/>\n<\/strong><strong>\u201cPalermo Science\u201d<br \/>\n<\/strong>Science and Techno Section<br \/>\nOctober, 2009<\/p>\n<p><strong>Caras y Caretas journal<br \/>\n<\/strong><strong>Relationship of science and construction<br \/>\n<\/strong>Science in motion<br \/>\nKnowledge takes place<br \/>\nPolarities<br \/>\nMarch, 2009<\/p>\n<p><strong>CLARIN, secci\u00f3n Ciudad<br \/>\n<\/strong><strong>\u201cNation and city agree to recover Ex Bodegas Giol\u201d<br \/>\n<\/strong><strong>Public hearing for the project to create a scientific and technological center in Palermo.<br \/>\n<\/strong>Page 56<br \/>\nFebruary, 2009<\/p>\n<p><strong>\u00a0<\/strong><strong>Todo Obras<br \/>\n<\/strong>\u201cSober, sanity, design concept for Polo Cient\u00edfico\u201d<br \/>\nPages 2 to 11<br \/>\n\u201cHousing, the sun and current life\u201d<br \/>\nPages 14 and 15<br \/>\n\u201cConsiderations on the teaching of architecture\u201d<br \/>\nPage 16<br \/>\nMay, 2008.<\/p>\n<p><strong>Muy Interesante journal<br \/>\n<\/strong><strong>\u201cPolo Cient\u00edfico Tecnol\u00f3gico, Reuni\u00f3n de Ciencia\u201d<br \/>\n<\/strong>Page 12<br \/>\nMarch, 2008.<\/p>\n<p><strong>Clar\u00edn Architecture newspaper<br \/>\n<\/strong><strong>\u201cEx Bodegas Giol, Nueva Sede para la Ciencia\u201d.<br \/>\n<\/strong>Pages 12 to 15.<br \/>\nFebruary, 2008.<\/p>\n<p><strong>Clar\u00edn<br \/>\n\u00abIn 2010, Argentina will open &#8230;\u00bb<br \/>\n<\/strong>Page 32, Society.<br \/>\nJanuary, 2008.<\/p>\n<p><strong>Buenos Aires Econ\u00f3mico<br \/>\n<\/strong><strong>\u00abThe technological and innovation project \u2026\u00bb.<br \/>\n<\/strong>Page 2, Economy.<br \/>\nJanuary, 2008.<\/p>\n<p><strong>P\u00e1gina 12<br \/>\n<\/strong><strong>\u00abScience thinking of society.\u00bb<br \/>\n<\/strong>Page 15, Society.<br \/>\nJanuary, 2008.<\/p>\n<p><strong>La Naci\u00f3n Arquitectura<br \/>\n<\/strong><strong>\u201cThe winning project was known\u201d<br \/>\n<\/strong>Page 13, Science and Health.<br \/>\nJanuary, 2008<\/p>\n<p><strong>El Cronista Suplemento de Arquitectura<br \/>\n<\/strong><strong>Ex Bodegas Giol competition<br \/>\n<\/strong>Pages II-III.<br \/>\nJanuary, 2008.<\/p>\n<p><strong>SCA journal number 227<br \/>\n<\/strong><strong>44 Young International Architects 2007 \/ <\/strong><strong>\u201c<\/strong><strong>Fresh Blood.<\/strong><strong>\u201d<br \/>\n<\/strong>Pages 124-125.<br \/>\nJanuary, 2008.<\/p>\n<p><strong>Arquitectura Plus publication, Barcelona Espa\u00f1a<br \/>\n<\/strong><strong>Number 001.<br \/>\n<\/strong>Page 38.<br \/>\nOctober, 2007.<\/p>\n<p><strong>El Cronista Suplemento de Arquitectura.<br \/>\n<\/strong>Page IV.<br \/>\n\u201cLeave the Academy\u201d.<br \/>\nJune, 2007.<\/p>\n<p><strong>\u00a0<\/strong><strong>SUMMA + journal number<\/strong><strong> 87<br \/>\n<\/strong><strong>Housing, Condominio Borges.<br \/>\n<\/strong>\u00abBustle and Privacy\u201d<br \/>\nJune, 2007.[\/vc_column_text][\/vc_tta_section][vc_tta_section title=\u00bbEXHIBITIONS AND CONFERENCES\u00bb tab_id=\u00bbexpos\u00bb][vc_column_text]<strong>TENDIEZ Conference \u201cThe transformation of Housing\u201d<br \/>\n<\/strong>14th Web Conference TENDIEZ Experiences through the zoom platform<br \/>\nLocation: Buenos Aires, Argentina<br \/>\nOctober, 2020<\/p>\n<p><strong>Exhibition of Ambientes de Arquitectura book photographs<br \/>\n<\/strong>Photographs of 50 offices and architects of Buenos Aires<br \/>\nLocation: Fola gallery , Buenos Aires, Argentina<br \/>\nMay, 2019<\/p>\n<p><strong>ALMA DU<\/strong><strong>\u00c7 <\/strong><strong>Presentation conference <\/strong><strong>with Carlos Ferrater and his team.<br \/>\n<\/strong>Location: Hotel URSO \u2013 Madrid, Spain<br \/>\nMay, 2017.<\/p>\n<p><strong>UNACASA habitar Contempor\u00e1nea exhibition<br \/>\n<\/strong>Exhibition of the finalists submitted to the Competition<br \/>\nLocation: MALBA, Museo de Arte Latinoamericano de Buenos Aires, Argentina<br \/>\nJuly, 2016<\/p>\n<p><strong>\u00a0<\/strong><\/p>\n<p><strong> \u201cNUEVO PABELLON MARQ\u201d exhibition organized by Sociedad Central de Arquitectos<br \/>\n<\/strong>Exhibition of the design concepts awarded in the National Competition &#8211; 2nd prize.<br \/>\nMARQ \u2013 Museo de Arquitectura de la Ciudad de Buenos Aires.<br \/>\nDecember, 2013.<\/p>\n<p><strong>\u00a0<\/strong><\/p>\n<p><strong> \u201cObra Reciente 2008-2013\u201d exhibition organized by Sociedad Central de Arquitectos<br \/>\n<\/strong>MARQ \u2013 Museo de Arquitectura de la Ciudad de Buenos Aires.<br \/>\nOctober, 2013.<\/p>\n<p><strong>\u00a0<\/strong><strong>\u201cMARCA UBA\u201c exhibition<br \/>\n<\/strong><strong>Organized by DAR Direcci\u00f3n de Archivos de Arquitectura de la FADU UBA.<br \/>\n<\/strong><strong>Curator: Juan Molina y Vedia.<br \/>\n<\/strong>Location: Ciudad Universitaria, Pabell\u00f3n 3. Sala Baliero<br \/>\nSeptember, 2013<\/p>\n<p><strong>\u201cPRIMER PREMIO DE ARQUITECTURA Y DISE\u00d1O URBANO SUSTENTABLE\u201d exhibition Organized by Sociedad Central de Arquitectos<br \/>\n<\/strong><strong>Museo de Arquitectura (MARQ).<br \/>\n<\/strong>The selected projects were Polo Cient\u00edfico Tecnol\u00f3gico and Eco Campus Amartya.<br \/>\nDecember, 2012<\/p>\n<p><strong>\u201cOBRA RECIENTE 2012\u201d exhibition Organized by Sociedad Central de Arquitectos<br \/>\n<\/strong>Polo Cient\u00edfico Tecnol\u00f3gico.<br \/>\nOctober, 2012.<\/p>\n<p><strong>\u201cOBRA RECIENTE 2011\u201d exhibition Organized by Sociedad Central de Arquitectos<br \/>\n<\/strong>Cabrera project.<br \/>\nNovember, 2011.<strong>\u00a0<\/strong><\/p>\n<p><strong>Exhibition of Polo Cient\u00edfico y Tecnol\u00f3gico project at the XIII International Architecture Biennial of Buenos Aires.<br \/>\n<\/strong>Location: Centro Cultural Recoleta.<br \/>\nFrom October 8 to 30, 2011.<\/p>\n<p><strong>IV International Seminar on Environment, Energy Saving and Technological Innovation (The Sustainable Envelope).<br \/>\n<\/strong>Polo Cient\u00edfico y Tecnol\u00f3gico presentation.<br \/>\nLocation: SCA Sociedad Central de Arquitectos.<br \/>\nOctober, 2011.<\/p>\n<p><strong>Participation as speakers in the III INTERNATIONAL CONGRESS ON CLIMATE CHANGE AND SUSTAINABLE DEVELOPMENT.<br \/>\n<\/strong>Location: Universidad Nacional de La Plata.<br \/>\nAugust, 2011.<strong>\u00a0\u00a0\u00a0\u00a0\u00a0\u00a0\u00a0\u00a0\u00a0\u00a0\u00a0\u00a0\u00a0\u00a0\u00a0 <\/strong><\/p>\n<p><strong>Interview on a micro-TV ESTUDIO PAIS about the project for the MINISTRY OF SCIENCE AND TECHNOLOGY OF THE NATION together with Minister Lino Baranao and several of the professionals involved.<br \/>\n<\/strong>December, 2010.<\/p>\n<p><strong>\u00a0<\/strong><strong>\u201cOBRA RECIENTE ARGENTINA\u201d exhibition organizad by<\/strong> <strong>Colegio Oficial de Arquitectos de Madrid (COAM)<\/strong>.<br \/>\nExhibition in which the works that have been selected during the years 2008, 2009 and 2010 participate as a result of the call made by the SCA in its \u201cCiclo de Obra Reciente\u201d.<br \/>\nNovember 2010 \u2013 January 2011<\/p>\n<p><strong>\u00a0<\/strong><strong>\u201c<\/strong><strong>Universo A <\/strong><strong>\u201c exhibition<br \/>\n<\/strong><strong>Organized by DAR Direcci\u00f3n de Archivos de Arquitectura de la FADU UBA.<br \/>\n<\/strong><strong>Curator: Juan Molina y Vedia.<br \/>\n<\/strong>Location: Ciudad Universitaria, Pabell\u00f3n 3, patio central PB.<br \/>\nNovember, 2010<\/p>\n<p><strong>Participation in a confrontation event XVII Pan American Biennial of Architecture of Quito.<br \/>\n<\/strong>November, 2010.<\/p>\n<p><strong>\u00a0<\/strong><strong>\u201cPresentaci\u00f3n del proyecto para el Polo Cient\u00edfico Tecnol\u00f3gico y sus aspectos bioclim\u00e1ticos\u201d conference<br \/>\n<\/strong>CPAU professional council of Architecture and Urbanism,<br \/>\nSeptember 14, 2010<\/p>\n<p><strong>\u201cPintura Fresca\u201c exhibition<br \/>\n<\/strong><strong>Organized by DAR Direcci\u00f3n de Archivos de Arquitectura de la FADU UBA.<br \/>\n<\/strong><strong>Curator Juan Molina y Vedia.<br \/>\n<\/strong>Location: Ciudad Universitaria, Pabell\u00f3n 3. Sala Baliero<br \/>\nNovember, 2009<\/p>\n<p><strong>\u201cOBRA RECIENTE\u201d exhibition organized by Sociedad Central de Arquitectos.<br \/>\n<\/strong>Exhibition in which 4 offices selected by a jury composed of Alberto Varas, Ignacio Montaldo and Ricardo Blinder participate.<br \/>\nJune-September, 2009<\/p>\n<p><strong>Exhibition of design concept submitted to the International Architecture Competition New Headquarters CAF<br \/>\n<\/strong>Facultad de Arquitectura y Urbanismo de la Universidad Central de Venezuela<br \/>\nNovember 10- December 15, 2008.<br \/>\nAfter that there will be successive exhibitions at Universidad Sim\u00f3n Bol\u00edvar and in the hall of the College of Architects of Venezuela.<\/p>\n<p><strong> \u201cBuilding Sustainable Buenos Aires\u201d conference, organized by the Government of the City of Buenos Aires.<br \/>\n<\/strong><strong>Panelist guests with Silvia de Schiller and Rafael Pelli.<br \/>\n<\/strong>October 15 to 16, 2008.<\/p>\n<p><strong>\u201cPor sus obras los conocer\u00e9is\u201d exhibition,<\/strong> <strong>organized by DAR Direcci\u00f3n de Archivos de Arquitectura de la FADU UBA.<br \/>\n<\/strong>Location: Ciudad Universitaria, Pabell\u00f3n 3. Sala Baliero<br \/>\nSeptember 22 to 30, 2008.<\/p>\n<p><strong> \u201cla ense\u00f1anza de la arquitectura en la UBA\u201d conference<br \/>\n<\/strong>Organized by Direcci\u00f3n de Archivos de Arquitectura-DAR-FADU UBA<br \/>\nDecember, 2007.<\/p>\n<p><strong> \u201cArte y Arquitectura en Barcelona\u201d conference, ARQUISET,<br \/>\n<\/strong>Location: Barcelona Spain<br \/>\nOctober, 2007.<\/p>\n<p>\u00ab<strong>Obras del estudio y M\u00e9todo Proyectual<\/strong>\u00bb <strong>Conference<br \/>\n<\/strong>Location: Santa Monica Art Center, Barcelona, Spain<br \/>\nOctober, 2007.<\/p>\n<p><strong>\u201c44 International Young Architects 2007\u201d exhibition<br \/>\n<\/strong><strong>Barcelona, Spain<br \/>\n<\/strong><strong>Organized by Grupo Via and del Colegio de Arquitectos de Barcelona<br \/>\n<\/strong>October 17 to 23, 2007, Rambla 7<br \/>\nCurators: F\u00e9lix Arranz y Carlos C\u00e1mara<br \/>\n\u201c44 International Young Architects 2007\u201d exhibition<br \/>\nSantiago de Compostela, Spain.<br \/>\nOrganized by C.O.A.G.<br \/>\nOctober 15 to November 11, 2007<\/p>\n<p><strong>\u201cJ\u00f3venes Arquitectos (1990-2005) Yo Alumno- Yo Arquitecto\u201c exhibition<br \/>\n<\/strong><strong>Organized by DAR Direcci\u00f3n de Archivos de Arquitectura de la FADU UBA.<br \/>\n<\/strong><strong>Curator: Juan Molina y Vedia.<br \/>\n<\/strong>Location: Ciudad Universitaria, Pabell\u00f3n 3. Sala Baliero.<br \/>\nSeptember 18 to 28, 2007.[\/vc_column_text][\/vc_tta_section][vc_tta_section title=\u00bbPROJECTS\u00bb tab_id=\u00bblistado-proyectos\u00bb][vc_column_text]\n<h2><strong>PROJECTS UNDER CONSTRUCTION<\/strong><strong>\u00a0<\/strong><\/h2>\n<p><strong>BOEDO<br \/>\nVersatile unit building, Co-work<br \/>\n<\/strong><strong>Design development<br \/>\n<\/strong>Location: Almagro, Ciudad Aut\u00f3noma de Buenos Aires<\/p>\n<p><strong>CUBA<br \/>\nVersatile unit building, Co-Work y business commercial<br \/>\n<\/strong><strong>Construction documents, Management<br \/>\n<\/strong>Location: Belgrano, Ciudad Aut\u00f3noma de Buenos Aires<\/p>\n<p><strong>CUDECA, CENTRO YUSUF HAMIED<br \/>\nInstituto educativo en cuidados Paliativos, Auditorio<br \/>\n<\/strong><strong>Design development<br \/>\n<\/strong>Location: Benalm\u00e1dena, M\u00e1laga, Spain.<br \/>\nAssociate architect Graciela Waen.<\/p>\n<p><strong>ALMA DUC<\/strong><strong><br \/>\n<\/strong><strong>Housing-Commercial premises-sky restaurant<br \/>\n<\/strong><strong>Design development<br \/>\n<\/strong>Location: Montevideo, Uruguay<br \/>\nAssociate office Carlos Ferrater + Lucia Ferrater- Office for Architecture in Barcelona<\/p>\n<p><strong>BRUSCO<br \/>\n<\/strong><strong>Mixed uses- Offices- Mall- Hotel &#8211; Parking lot<br \/>\n<\/strong><strong>Design development<br \/>\n<\/strong>Location: Montevideo, Uruguay<br \/>\nAssociate offices Mathias Klotz + Edgardo Minond<\/p>\n<p><strong>HOSTEL IGUAZU<br \/>\n<\/strong><strong>Hostel Mowo<br \/>\n<\/strong><strong>Design development<br \/>\n<\/strong>Location: Puerto Iguaz\u00fa, Misiones, Argentina<\/p>\n<h2><strong>FULFILLED PROJECTS<\/strong><\/h2>\n<p><strong>ALMA BRAVA<br \/>\n<\/strong><strong>Housing-Commercial premises<br \/>\n<\/strong><strong>Construction documents and<\/strong><strong> Management<br \/>\n<\/strong>Location: Montevideo, Uruguay<br \/>\nAssociate office Mathias Klotz + Edgardo Minond<\/p>\n<p><strong>\u00a0<\/strong><strong>ALMA CORSO<br \/>\n<\/strong><strong>Housing-Commercial premises<br \/>\n<\/strong><strong>Construction documents and<\/strong><strong> Management<br \/>\n<\/strong>Location: Montevideo, Uruguay<br \/>\nAssociate office Carlos Ott + Silvia Men\u00e9ndez<\/p>\n<p><strong>HIP GARCIA<br \/>\n<\/strong><strong>Housing<br \/>\n<\/strong><strong>Construction documents, Management and Development<br \/>\n<\/strong>Location: Teodoro Garcia, Ciudad Aut\u00f3noma de Buenos Aires<br \/>\nAssociate office Mauas-Steinberg<\/p>\n<p><strong>YPF ECHEVERRIA<br \/>\n<\/strong><strong>Mixed uses- Offices- Coworking-Fuel Station<br \/>\n<\/strong><strong>Design development<\/strong><strong> | 2019<br \/>\n<\/strong><strong>Competition<br \/>\n<\/strong>Location: Belgrano, Ciudad Aut\u00f3noma de Buenos Aires, Argentina<br \/>\nAssociate offices Mathias Klotz + Edgardo Minond<\/p>\n<p><strong>LAGO CALCAGNO<br \/>\n<\/strong><strong>Mixed uses- Promenade- Housing- Offices- Hotel- Mall-<br \/>\n<\/strong><strong>Concept Design | 2018<br \/>\n<\/strong>Location: Carrasco, Montevideo, Uruguay<br \/>\nAssociate office Carlos Ferrater + Lucia Ferrater- Office for Architecture in Barcelona<\/p>\n<p><strong>ALMA SUR<br \/>\n<\/strong><strong>Housing- Commercial premises<br \/>\n<\/strong><strong>Construction documents and<\/strong><strong> Management <\/strong><strong>| 2014-2017<br \/>\n<\/strong>Location: Montevideo, Uruguay<br \/>\nAssociate office Carlos Ott + Silvia Men\u00e9ndez<\/p>\n<p><strong>HIP CONDE<br \/>\n<\/strong><strong>Housing<br \/>\n<\/strong><strong>Construction documents, Management and Development | 2014-2017<br \/>\n<\/strong>Location: Conde 932, Capital Federal<br \/>\nAssociate office Mauas-Steinberg<\/p>\n<p><strong>POLO TECNOL\u00d3GICO LA MATANZA<br \/>\n<\/strong><strong>Technological Campus<br \/>\n<\/strong><strong>business incubation modules- Technological research center<br \/>\n<\/strong><strong>Concept design | 2014<br \/>\n<\/strong><strong>Competition<br \/>\n<\/strong>Location: La Matanza, Pcia. de Buenos Aires<\/p>\n<p><strong>FOOD CONTROL<\/strong><strong> LABORATORIES<br \/>\n<\/strong><strong>Corporate building<br \/>\n<\/strong>Analysis laboratories and training classrooms<br \/>\n<strong>Construction documents and<\/strong><strong> Management <\/strong><strong>| <\/strong><strong>2007-2014<br \/>\n<\/strong>Location: Av. Independencia 2736 Capital Federal<\/p>\n<p><strong>YPF TECNOLOGIA<br \/>\n<\/strong><strong>Corporate building<br \/>\n<\/strong>Laboratory &#8211; Offices- Pilot plants<br \/>\n<strong>Design development<\/strong><strong> | 2013<br \/>\n<\/strong><strong>Competition<br \/>\n<\/strong>Location: Berisso, La Plata, Buenos Aires<br \/>\nAssociate office Parysow-Schargrodsky<\/p>\n<p><strong>MARQ, MUSEO DE ARQUITECTURA<br \/>\n<\/strong><strong>Pavilion for the Architecture Museum<\/strong><strong><br \/>\n<\/strong><strong>Design development<\/strong><strong> | 2013<br \/>\n<\/strong><strong>National Competition \u2013 Second prize<br \/>\n<\/strong>Location: Capital Federal<\/p>\n<p><strong>RIBERA RIO LUJAN<br \/>\n<\/strong><strong>R<\/strong><strong>efunctionalization<\/strong><strong> and enhancement of the bank<br \/>\n<\/strong><strong>Design development<\/strong><strong> | 2013<br \/>\n<\/strong><strong>Private initiative \/ Urban hygiene directorate<br \/>\n<\/strong>Location: Lujan, Pcia. de Buenos Aires<\/p>\n<p><strong>PARQUE DE RECICLAJE<br \/>\n<\/strong><strong>Recycling and education centre<br \/>\n<\/strong><strong>Design development<\/strong><strong> | 2013<br \/>\n<\/strong><strong>Private initiative<br \/>\n<\/strong>Location: Capital Federal<\/p>\n<p><strong>AEROTERRA<br \/>\n<\/strong><strong>Corporate offices<br \/>\n<\/strong><strong>Construction documents | 2013<br \/>\n<\/strong>Location: Catalinas, Capital Federal<br \/>\nAssociate office MP Workplaces<\/p>\n<p><strong>JOSE HERNANDEZ<br \/>\n<\/strong><strong>Housing and Studios Building<br \/>\n<\/strong><strong>Construction documents and Co<\/strong><strong>nstruction <\/strong><strong>administration <\/strong><strong>2010-2013<br \/>\n<\/strong>Location: Jos\u00e9 Hern\u00e1ndez 2762, Capital Federal<\/p>\n<p><strong>ANCON<br \/>\n<\/strong><strong>Housing<br \/>\n<\/strong><strong>Construction documents and Co<\/strong><strong>nstruction <\/strong><strong>administration<\/strong><strong> | 2011-2013<br \/>\n<\/strong>Location: Pje. Anc\u00f3n 5114, Capital Federal<\/p>\n<p><strong>CASA RAVIGNANI<br \/>\n<\/strong><strong>Single family house<br \/>\n<\/strong><strong>Construction documents | 2011-2013<br \/>\n<\/strong>Location: Ravignani 1619, Capital Federal.<\/p>\n<p><strong>DIRECCI<\/strong><strong>\u00d3<\/strong><strong>N GENERAL DE GESTI<\/strong><strong>\u00d3<\/strong><strong>N DE ACTIVIDADES CIENT<\/strong><strong>\u00cd<\/strong><strong>FICAS Y TECNOL<\/strong><strong>\u00d3<\/strong><strong>GICAS &#8211; GCBA<br \/>\n<\/strong>Instituto Ciencias de la Vida. Campus and Center for Biotechnological Research <strong>Consultancy | 2012<br \/>\n<\/strong>Location: Villa Soldati \u2013 Capital Federal<\/p>\n<p><strong>ECO-CAMPUS QUINTA ESENCIA<\/strong> <strong>\u2013<\/strong> <strong>NGO AMARTYA<br \/>\n<\/strong><strong>Masterplan + sustainable pavilions for students<br \/>\n<\/strong><strong>Design development<\/strong><strong> | 2012<br \/>\n<\/strong><strong>C<\/strong><strong>ompetition <\/strong><strong>\u2013<\/strong> <strong>Second prize<br \/>\n<\/strong>Location: Partido de Mar Chiquita, Pcia. de Buenos Aires<br \/>\nAssociate Architect Gustavo San Juan<\/p>\n<p><strong>CIUDAD EVITA<br \/>\n<\/strong><strong>Single family house<br \/>\n<\/strong><strong>Construction documents | 2011-2012<br \/>\n<\/strong>Location: Ciudad Evita, Buenos Aires.<\/p>\n<p><strong>POLO CIENTIFICO TECNOLOGICO &#8211; SITE MINISTRY OF SCIENCE<br \/>\n<\/strong><strong>TECHNOLOGY AND PRODUCTIVE INNOVATION<br \/>\n<\/strong><strong>Design development<\/strong><strong> | 2010<br \/>\n<\/strong>Government building<br \/>\nComplex of various agencies of the National Government with Research Institutes Museum and Convention Center for science.<br \/>\nLocation: Capital Federal. Godoy Cruz between Paraguay and Soler.<br \/>\nAssociate office Parysow-Schargrodsky<\/p>\n<p><strong>HUNTER DOUGLAS- LEVAL<br \/>\n<\/strong><strong>Commercial premises \u2013 Showroom<br \/>\n<\/strong><strong>Construction documents | 2010<br \/>\n<\/strong>Location: Capital Federal<br \/>\nAssociate office Parysow-Schargrodsky<\/p>\n<p><strong>CENTRO DE GESTION Y PARTICIPACION N\u00b012 (CGP12)<br \/>\n<\/strong><strong>Municipal building<br \/>\n<\/strong><strong>Design development<\/strong><strong> | 2010<br \/>\n<\/strong><strong>National Competition<br \/>\n<\/strong>Location: Capital Federal<\/p>\n<p><strong>LAFOND<br \/>\n<\/strong><strong>Single family house<br \/>\n<\/strong><strong>Construction documents | 2009-2010<br \/>\n<\/strong>Location: Gabriel Lafond 4141, Capital Federal<\/p>\n<p><strong>HARAS<br \/>\n<\/strong><strong>Single family house<br \/>\n<\/strong><strong>Construction documents | 2008 -2010<br \/>\n<\/strong>Location: Escobar, Haras Santa Maria.<\/p>\n<p><strong>COLEGIALES<br \/>\n<\/strong><strong>Single family house<br \/>\n<\/strong><strong>Construction documents and Co<\/strong><strong>nstruction <\/strong><strong>administration<\/strong><strong> | 2008-2010<br \/>\n<\/strong>Location: Concepci\u00f3n Arenal 3920 Capital Federal<\/p>\n<p><strong>CABRERA<br \/>\n<\/strong><strong>Housing and studies for university students<br \/>\n<\/strong><strong>Construction documents and Co<\/strong><strong>nstruction <\/strong><strong>administration<\/strong><strong> | 2007-2010<br \/>\n<\/strong>Location: Cabrera 3411, Capital Federal<\/p>\n<p><strong>\u00a0<\/strong><strong>AG\u00dc<\/strong><strong>ERO<br \/>\n<\/strong><strong>Housing<br \/>\n<\/strong><strong>Construction documents and Co<\/strong><strong>nstruction <\/strong><strong>administration<\/strong><strong> | 2007-2009<br \/>\n<\/strong>Location: Ag\u00fcero 1121, Capital Federal<\/p>\n<p><strong>\u00a0<\/strong><strong>CORREO ARGENTINO<br \/>\n<\/strong><strong>Corporate building<\/strong><strong><br \/>\n<\/strong><strong>Design development | 2009<br \/>\n<\/strong><strong>National Competition<\/strong><strong>\u2013 Mention<br \/>\n<\/strong>Location: Capital Federal<br \/>\nAssociate offices TT-AW arch and Langer arch<\/p>\n<p><strong>\u00a0<\/strong><strong>ACHA<br \/>\n<\/strong><strong>Single family house<br \/>\n<\/strong><strong>Construction documents and Co<\/strong><strong>nstruction <\/strong><strong>administration<\/strong><strong> | 2006-2009<br \/>\n<\/strong>Location: Capital Federal<\/p>\n<p><strong>\u00a0<\/strong><strong>ELEKTRA DE ARGENTINA<br \/>\n<\/strong><strong>Commercial premises<br \/>\n<\/strong><strong>Construction documents | 2008<br \/>\n<\/strong>Implementation and adaptation of corporate manual for Bovis Lend Lease<br \/>\nLocation: Quilmes, Berazategui, Mor\u00f3n, Villa Madero, Parque San Mart\u00edn, Lomas de Zamora.<\/p>\n<p><strong>NUEVA SEDE CAF (CORPORACION ANDINA DE FOMENTO)<br \/>\n<\/strong><strong>Corporate building<br \/>\n<\/strong><strong>Design development<\/strong><strong> | 2008<br \/>\n<\/strong><strong>Competition<br \/>\n<\/strong>Location: Caracas, Venezuela<br \/>\nAssociate office Parysow \u2013 Schargrodsky<\/p>\n<p><strong>\u00a0<\/strong><strong>CASA 2H<br \/>\n<\/strong><strong>Single family house<br \/>\n<\/strong><strong>Construction documents and Co<\/strong><strong>nstruction <\/strong><strong>administration<\/strong><strong> | 2004-2007<br \/>\n<\/strong>Location: La Lucila, Pcia. de Buenos Aires<\/p>\n<p><strong>\u00a0<\/strong><strong>CASA SALK<br \/>\n<\/strong><strong>Single family house<br \/>\n<\/strong><strong>Construction documents and Co<\/strong><strong>nstruction <\/strong><strong>administration<\/strong><strong> | 2006-2007<br \/>\n<\/strong>Location: Olivos, Pcia. de Buenos Aires<\/p>\n<p><strong>\u00a0<\/strong><strong>CONDE<br \/>\n<\/strong><strong>Housing and offices building<\/strong><br \/>\n<strong>Design development<\/strong> <strong>2007<br \/>\n<\/strong>Location: Conde 1368 Capital Federal<br \/>\nAssociate architect Corinne Mauas<\/p>\n<p><strong>WAL MART SUPERCENTER<br \/>\n<\/strong><strong>Store reform<br \/>\n<\/strong><strong>Construction Documents<\/strong> <strong>and <\/strong><strong>Management <\/strong><strong>| 2006-2008 \/ 2012-2013<br \/>\n<\/strong>Location: Constituyentes, La Tablada, Bah\u00eda Blanca, La Plata y Sarand\u00ed<br \/>\n<strong>Stores<br \/>\nConstruction Documents<\/strong> <strong>and <\/strong><strong>Management<br \/>\n<\/strong>Photolabs, Optics, Financial Services and Drugstores.<br \/>\nLocation: Supercenter Constituyentes, La Tablada, Bah\u00eda Blanca, La Plata y San Justo.<br \/>\n<strong>Modular Planning <\/strong><a href=\"https:\/\/www.linguee.es\/ingles-espanol\/traduccion\/depot.html\">depot<\/a><br \/>\n<strong>Construction Documents<\/strong> <strong>and<\/strong><strong> Management,<\/strong> <strong>2008<br \/>\n<\/strong><br \/>\nLocation: Supercenter La Tablada, GBA<br \/>\n<strong>Supercenter<\/strong><strong> prototype\u2013 hall<\/strong><strong> 5000sq m.<br \/>\n<\/strong><strong>Development<\/strong> <strong>and<\/strong> <strong>Construction Documents,<\/strong> <strong>2008<\/strong><\/p>\n<p><strong>WESTERN UNION<br \/>\n<\/strong><strong>Construction documents and Co<\/strong><strong>nstruction <\/strong><strong>administration<\/strong><strong> | <\/strong><strong>2002-2008<br \/>\n<\/strong><strong>Layout developments under corporate standards<br \/>\n<\/strong>Call Center Cono Sur<br \/>\nLocations: Av. C\u00f3rdoba, Av. Cabildo, Mor\u00f3n.<br \/>\nAv. Juramento, Caballito, La Plata<\/p>\n<p><strong>POP for <\/strong><strong>supermarkets and exhibitions<\/strong>Development Production |2002-2008<\/p>\n<p><strong>HOGAR DE NI\u00d1OS JDB<br \/>\n<\/strong><strong>Kindergarden-School<br \/>\n<\/strong><strong>Construction documents | 2007<br \/>\n<\/strong>Location: Virrey del Pino Pcia. De Buenos Aires<\/p>\n<p><strong>DHL EXPRESS<br \/>\n<\/strong><strong>Corporate offices, Mataderos<br \/>\n<\/strong>Interior design under ASZ Architects Project.<br \/>\n<strong>Locales propios Moreno, Av. C\u00f3<\/strong><strong>rdoba, Mataderos.<br \/>\n<\/strong>Implementation and adaptation of corporate manual<br \/>\nConstruction documents | construction administration 2002-2005.<\/p>\n<p><strong>BORGES<br \/>\n<\/strong><strong>Housing and professional offices<br \/>\n<\/strong><strong>Construction documents and Co<\/strong><strong>nstruction <\/strong><strong>administration<\/strong><strong> | <\/strong><strong>2004-2006<br \/>\n<\/strong>Location: Borges 2018, Capital Federal<\/p>\n<p><strong>CASA VALLE CLARO<br \/>\n<\/strong><strong>Single family house<br \/>\n<\/strong><strong>Construction documents and Co<\/strong><strong>nstruction <\/strong><strong>administration<\/strong><strong> | 2006<br \/>\n<\/strong>Location: Benavidez, Pcia. de Buenos Aires<\/p>\n<p><strong>CASA GARAY<br \/>\n<\/strong><strong>Single family house<br \/>\n<\/strong><strong>Construction documents and Co<\/strong><strong>nstruction <\/strong><strong>administration<\/strong><strong> | 2006<br \/>\n<\/strong>Location: Olivos, Pcia. de Buenos Aires<\/p>\n<p><strong>REGUS<br \/>\n<\/strong><strong>Corporate offices<br \/>\n<\/strong><strong>Construction documents and Management | 2006<br \/>\n<\/strong>Location: Edificio Naci\u00f3n, Capital Federal.<\/p>\n<p><strong>ICAP SISTEMAS MULTIMEDIA<br \/>\n<\/strong><strong>Corporate Building Recycling<br \/>\n<\/strong><strong>Construction documents and Co<\/strong><strong>nstruction <\/strong><strong>administration<\/strong><strong> | 2002-2005<br \/>\n<\/strong>Location: D\u00edaz V\u00e9lez 3531, Capital Federal<\/p>\n<p><strong>INSTRUMENTAL PASTEUR<br \/>\n<\/strong><strong>Corporate Building<br \/>\n<\/strong><strong>Construction documents and Co<\/strong><strong>nstruction <\/strong><strong>administration<\/strong><strong> | <\/strong><strong>2004<br \/>\n<\/strong>Location: Barrio Balvanera, Capital Federal<\/p>\n<p><strong>D&amp;A GROUP<br \/>\n<\/strong><strong>Corporate offices<br \/>\n<\/strong><strong>Construction documents and Co<\/strong><strong>nstruction <\/strong><strong>administration<\/strong><strong> | <\/strong><strong>2004<br \/>\n<\/strong>Location: Catalinas Norte, Capital Federal[\/vc_column_text][\/vc_tta_section][\/vc_tta_accordion][\/vc_column][\/vc_row]\n","protected":false},"excerpt":{"rendered":"<p>[vc_row full_width=\u00bbstretch_row_content_no_spaces\u00bb][vc_column][vc_single_image image=\u00bb135&#8243; alignment=\u00bbcenter\u00bb][\/vc_column][\/vc_row][vc_row][vc_column][vc_column_text] GERM\u00c1N HAUSER [\/vc_column_text][vc_empty_space height=\u00bb22px\u00bb][vc_column_text]Germ\u00e1n Hauser was born on December 26, 1972, in Buenos Aires, Argentina. In 1999, he earned his Diploma in Architecture from the University of Buenos Aires, School of Architecture. During his training years,&hellip;<\/p>\n","protected":false},"author":1,"featured_media":0,"parent":0,"menu_order":0,"comment_status":"closed","ping_status":"closed","template":"","meta":[],"_links":{"self":[{"href":"https:\/\/hauser.site\/arq\/wp-json\/wp\/v2\/pages\/1840"}],"collection":[{"href":"https:\/\/hauser.site\/arq\/wp-json\/wp\/v2\/pages"}],"about":[{"href":"https:\/\/hauser.site\/arq\/wp-json\/wp\/v2\/types\/page"}],"author":[{"embeddable":true,"href":"https:\/\/hauser.site\/arq\/wp-json\/wp\/v2\/users\/1"}],"replies":[{"embeddable":true,"href":"https:\/\/hauser.site\/arq\/wp-json\/wp\/v2\/comments?post=1840"}],"version-history":[{"count":10,"href":"https:\/\/hauser.site\/arq\/wp-json\/wp\/v2\/pages\/1840\/revisions"}],"predecessor-version":[{"id":3317,"href":"https:\/\/hauser.site\/arq\/wp-json\/wp\/v2\/pages\/1840\/revisions\/3317"}],"wp:attachment":[{"href":"https:\/\/hauser.site\/arq\/wp-json\/wp\/v2\/media?parent=1840"}],"curies":[{"name":"wp","href":"https:\/\/api.w.org\/{rel}","templated":true}]}}